{"id":9916,"date":"2015-06-15T08:38:55","date_gmt":"2015-06-15T08:38:55","guid":{"rendered":"https:\/\/comtal.org\/?page_id=9916"},"modified":"2015-06-15T08:47:05","modified_gmt":"2015-06-15T08:47:05","slug":"me-llamo-benjamin","status":"publish","type":"page","link":"https:\/\/comtal.org\/es\/me-llamo-benjamin\/","title":{"rendered":"ME LLAMO BENJAMIN"},"content":{"rendered":"<p><span class=\"responsive\"><a href=\"https:\/\/comtal.org\/wp-content\/uploads\/01-SlideWeb_MeLlamoBenjamin_cast.jpg\"><img loading=\"lazy\" decoding=\"async\" class=\"alignnone size-full wp-image-9917\" src=\"https:\/\/comtal.org\/wp-content\/uploads\/01-SlideWeb_MeLlamoBenjamin_cast.jpg\" alt=\"01-SlideWeb_MeLlamoBenjamin_cast\" width=\"1708\" height=\"450\" srcset=\"https:\/\/comtal.org\/wp-content\/uploads\/01-SlideWeb_MeLlamoBenjamin_cast.jpg 1708w, https:\/\/comtal.org\/wp-content\/uploads\/01-SlideWeb_MeLlamoBenjamin_cast-300x79.jpg 300w, https:\/\/comtal.org\/wp-content\/uploads\/01-SlideWeb_MeLlamoBenjamin_cast-1024x270.jpg 1024w\" sizes=\"auto, (max-width: 1708px) 100vw, 1708px\" \/><\/a><\/span><\/p>\n<p><span style=\"color: #ff6600;\"><strong>Benjamin, nascido en Ghana, lleg\u00f3 a Barcelona a los 17 a\u00f1os, solo<\/strong><\/span>. <strong>Se\u00a0qued\u00f3 en la calle<\/strong>\u00a0i vino a la Fundaci\u00f3 Comtal para que le ech\u00e1ramos una mano. No tenia ning\u00fan apoyo familiar ni ayuda econ\u00f3mica, as\u00ed que le<strong>\u00a0acompa\u00f1amos hasta conseguir que le aceptaran en un piso educativo<\/strong>, y asesoramos para que pudiera regularizar su situaci\u00f3n y<strong>\u00a0empezara a estudiar<\/strong>.\u00a0<span style=\"color: #3366ff;\"><a style=\"color: #3366ff;\" href=\"https:\/\/comtal.org\/fundaciocomtal\/?p=1112\" target=\"_blank\">Lee la historia de Benjamin en el bloc Va de Vides.<\/a><\/span><\/p>\n<hr \/>\n<p><strong><span style=\"color: #ff6600;\">La Fundaci\u00f3 Comtal es la historia de Benjamin i de muchos m\u00e1s.<\/span> De familias que lo estan pasando mal. <span style=\"color: #ff6600;\">De ni\u00f1os y ni\u00f1as que no se quieren quedar atr\u00e1s<\/span>,<\/strong> que quieren aprender, hacerse mayores, tener una oportunidad y un futuro mejor.<\/p>\n<div class=\"one_half\"><span class=\"responsive\"><a href=\"https:\/\/comtal.org\/wp-content\/uploads\/BannerWeb_-EmDicBeatriz_400x400px_CAST.jpg\"><img loading=\"lazy\" decoding=\"async\" class=\"alignnone size-full wp-image-9918\" src=\"https:\/\/comtal.org\/wp-content\/uploads\/BannerWeb_-EmDicBeatriz_400x400px_CAST.jpg\" alt=\"BannerWeb_ EmDicBeatriz_400x400px_CAST\" width=\"309\" height=\"271\" srcset=\"https:\/\/comtal.org\/wp-content\/uploads\/BannerWeb_-EmDicBeatriz_400x400px_CAST.jpg 309w, https:\/\/comtal.org\/wp-content\/uploads\/BannerWeb_-EmDicBeatriz_400x400px_CAST-300x263.jpg 300w\" sizes=\"auto, (max-width: 309px) 100vw, 309px\" \/><\/a><\/span><\/p>\n<p><strong><span style=\"color: #ff6600;\">Beatriz viene cada semana despu\u00e9s de la escuela al espacio de deberes<\/span> i su voluntaria le acompa\u00f1a y le ayuda con las asignaturas que m\u00e1s le cuestan<\/strong>.\u00a0<span style=\"color: #3366ff;\"><a style=\"color: #3366ff;\" href=\"https:\/\/comtal.org\/fundaciocomtal\/?p=1133\" target=\"_blank\">Lee la historia de Beatriz en el bloc Va de Vides.<\/a>\u00a0<\/span><\/div>\n<div class=\"one_half last\"><a href=\"https:\/\/comtal.org\/wp-content\/uploads\/BannerWeb_-EmDicMARTIN_400x400px_CAST.jpg\"><img loading=\"lazy\" decoding=\"async\" class=\"alignnone size-full wp-image-9919\" src=\"https:\/\/comtal.org\/wp-content\/uploads\/BannerWeb_-EmDicMARTIN_400x400px_CAST.jpg\" alt=\"BannerWeb_ EmDicMARTIN_400x400px_CAST\" width=\"309\" height=\"271\" srcset=\"https:\/\/comtal.org\/wp-content\/uploads\/BannerWeb_-EmDicMARTIN_400x400px_CAST.jpg 309w, https:\/\/comtal.org\/wp-content\/uploads\/BannerWeb_-EmDicMARTIN_400x400px_CAST-300x263.jpg 300w\" sizes=\"auto, (max-width: 309px) 100vw, 309px\" \/><\/a><\/p>\n<p><strong><span style=\"color: #ff6600;\">Mart\u00edn es un joven de la Fundaci\u00f3 Comtal que quiere devolvernos, de alguna manera, toda la ayuda que nosotros le hemos dado<\/span><\/strong>. Y lo ha hecho grabando el <span style=\"color: #3366ff;\"><a style=\"color: #3366ff;\" href=\"https:\/\/www.youtube.com\/watch?v=k7HbDJEoVZU\" target=\"_blank\" rel=\"noopener\">espot de\u00a0sensibilizaci\u00f3n de la campa\u00f1a <\/a><\/span>que os invitamos a ver i a compartir en las redes sociales!<\/p>\n<\/div>\n<div class=\"clear\"><\/div>\n<div class='video-embed'><iframe src='http:\/\/www.youtube.com\/embed\/k7HbDJEoVZU?HD=1;rel=0;showinfo=0' width='560' height='315' class='iframe'><\/iframe><\/div>\n<p>&nbsp;<\/p>\n<p><span style=\"color: #ff6600;\"><strong>No queremos que los ni\u00f1os y j\u00f3venes sin recursos econ\u00f3micos ni apoyo familiar como Benjamin, Beatriz o Mart\u00edn queden atr\u00e1s<\/strong><\/span>. Por eso les acogemos, les acompa\u00f1amos y les ofrecemos todo el apoyo que necesitan para que puedan superar las dificultades,\u00a0mejorar su situaci\u00f3n, y tener un sueldo para vivir. Para continuar ayud\u00e1ndolos, te necesitamos. \u00a1<span style=\"color: #3366ff;\"><strong><a style=\"color: #3366ff;\" href=\"\/?page_id=252\">Colabora<\/a>!<\/strong><\/span><\/p>\n<div class=\"one_third\"><a href=\"\/?page_id=1891\"><img loading=\"lazy\" decoding=\"async\" class=\"alignnone size-full wp-image-9925\" src=\"https:\/\/comtal.org\/wp-content\/uploads\/boto_festeamic_10_cast.jpg\" alt=\"boto_festeamic_10_cast\" width=\"280\" height=\"430\" srcset=\"https:\/\/comtal.org\/wp-content\/uploads\/boto_festeamic_10_cast.jpg 280w, https:\/\/comtal.org\/wp-content\/uploads\/boto_festeamic_10_cast-195x300.jpg 195w\" sizes=\"auto, (max-width: 280px) 100vw, 280px\" \/><\/a><\/div>\n<div class=\"one_third\"><a href=\"\/?page_id=1891\"><img loading=\"lazy\" decoding=\"async\" class=\"alignnone size-full wp-image-9923\" src=\"https:\/\/comtal.org\/wp-content\/uploads\/boto_festeamic_v2_cast.jpg\" alt=\"boto_festeamic_v2_cast\" width=\"280\" height=\"430\" srcset=\"https:\/\/comtal.org\/wp-content\/uploads\/boto_festeamic_v2_cast.jpg 280w, https:\/\/comtal.org\/wp-content\/uploads\/boto_festeamic_v2_cast-195x300.jpg 195w\" sizes=\"auto, (max-width: 280px) 100vw, 280px\" \/><\/a><\/div>\n<div class=\"one_third last\"><a href=\"\/?page_id=1891\"><img loading=\"lazy\" decoding=\"async\" class=\"alignnone size-full wp-image-9924\" src=\"https:\/\/comtal.org\/wp-content\/uploads\/boto_festeamic_50_cast.jpg\" alt=\"boto_festeamic_50_cast\" width=\"280\" height=\"430\" srcset=\"https:\/\/comtal.org\/wp-content\/uploads\/boto_festeamic_50_cast.jpg 280w, https:\/\/comtal.org\/wp-content\/uploads\/boto_festeamic_50_cast-195x300.jpg 195w\" sizes=\"auto, (max-width: 280px) 100vw, 280px\" \/><\/a><\/div>\n<div class=\"clear\"><\/div>\n<p><span class=\"responsive\"><a href=\"\/?page_id=1891\"><img loading=\"lazy\" decoding=\"async\" class=\"alignnone size-full wp-image-9914\" src=\"https:\/\/comtal.org\/wp-content\/uploads\/03-SlideWeb_MeLlamoBenjamin_cast.jpg\" alt=\"03-SlideWeb_MeLlamoBenjamin_cast\" width=\"1708\" height=\"450\" srcset=\"https:\/\/comtal.org\/wp-content\/uploads\/03-SlideWeb_MeLlamoBenjamin_cast.jpg 1708w, https:\/\/comtal.org\/wp-content\/uploads\/03-SlideWeb_MeLlamoBenjamin_cast-300x79.jpg 300w, https:\/\/comtal.org\/wp-content\/uploads\/03-SlideWeb_MeLlamoBenjamin_cast-1024x270.jpg 1024w\" sizes=\"auto, (max-width: 1708px) 100vw, 1708px\" \/><\/a><\/span><\/p>\n<p><span class=\"responsive\"><a href=\"\/?page_id=1865\"><img loading=\"lazy\" decoding=\"async\" class=\"alignnone size-full wp-image-9921\" src=\"https:\/\/comtal.org\/wp-content\/uploads\/banner_dialeg_cast.jpg\" alt=\"banner_dialeg_cast\" width=\"940\" height=\"140\" srcset=\"https:\/\/comtal.org\/wp-content\/uploads\/banner_dialeg_cast.jpg 940w, https:\/\/comtal.org\/wp-content\/uploads\/banner_dialeg_cast-300x45.jpg 300w\" sizes=\"auto, (max-width: 940px) 100vw, 940px\" \/><\/a><\/span><\/p>\n<p>&nbsp;<\/p>\n","protected":false},"excerpt":{"rendered":"<p>Benjamin, nascido en Ghana, lleg\u00f3 a Barcelona a los 17 a\u00f1os, solo. Se\u00a0qued\u00f3 en la calle\u00a0i vino a la Fundaci\u00f3 Comtal para que le ech\u00e1ramos una mano. No tenia ning\u00fan [&hellip;]<\/p>\n","protected":false},"author":2,"featured_media":9914,"parent":0,"menu_order":0,"comment_status":"closed","ping_status":"closed","template":"page-fullwidth.php","meta":{"footnotes":""},"class_list":["post-9916","page","type-page","status-publish","has-post-thumbnail","hentry"],"_links":{"self":[{"href":"https:\/\/comtal.org\/es\/wp-json\/wp\/v2\/pages\/9916","targetHints":{"allow":["GET"]}}],"collection":[{"href":"https:\/\/comtal.org\/es\/wp-json\/wp\/v2\/pages"}],"about":[{"href":"https:\/\/comtal.org\/es\/wp-json\/wp\/v2\/types\/page"}],"author":[{"embeddable":true,"href":"https:\/\/comtal.org\/es\/wp-json\/wp\/v2\/users\/2"}],"replies":[{"embeddable":true,"href":"https:\/\/comtal.org\/es\/wp-json\/wp\/v2\/comments?post=9916"}],"version-history":[{"count":3,"href":"https:\/\/comtal.org\/es\/wp-json\/wp\/v2\/pages\/9916\/revisions"}],"predecessor-version":[{"id":9926,"href":"https:\/\/comtal.org\/es\/wp-json\/wp\/v2\/pages\/9916\/revisions\/9926"}],"wp:featuredmedia":[{"embeddable":true,"href":"https:\/\/comtal.org\/es\/wp-json\/wp\/v2\/media\/9914"}],"wp:attachment":[{"href":"https:\/\/comtal.org\/es\/wp-json\/wp\/v2\/media?parent=9916"}],"curies":[{"name":"wp","href":"https:\/\/api.w.org\/{rel}","templated":true}]}}