{"id":25468,"date":"2023-01-17T18:03:46","date_gmt":"2023-01-17T18:03:46","guid":{"rendered":"https:\/\/comtal.org\/sant-jordi-2023\/"},"modified":"2026-02-17T16:02:37","modified_gmt":"2026-02-17T16:02:37","slug":"sant-jordi","status":"publish","type":"page","link":"https:\/\/comtal.org\/es\/sant-jordi\/","title":{"rendered":"Sant Jordi"},"content":{"rendered":"<p>[vc_row][vc_column][vc_single_image image=\u00bb28753&#8243; img_size=\u00bbfull\u00bb][vc_column_text]<\/p>\n<h2><strong><span style=\"color: #ff0000;\">Por Sant Jordi, una rosa es una oportunidad<\/span><\/strong><\/h2>\n<p>Un a\u00f1o m\u00e1s, lanzamos la campa\u00f1a de Sant Jordi #UnaRosaUnaOportunidad para conseguir que<strong> todo ni\u00f1o\/a y joven tenga la oportunidad de cumplir su proyecto de vida<\/strong> independientemente de la situaci\u00f3n que le haya tocado vivir.<\/p>\n<p>Colaborando con la Fundaci\u00f3n Comtal, a trav\u00e9s de #UnaRosaUnaOportunidad ayudar\u00e1s a garantizar e<strong>l acceso a la educaci\u00f3n en igualdad de condiciones a los ni\u00f1os y j\u00f3venes que atendemos, acompa\u00f1\u00e1ndolos durante su proceso de aprendizaje acad\u00e9mico y personal, y proporcion\u00e1ndoles las herramientas para alcanzar sus sue\u00f1os y aspiraciones profesionales.<\/strong>[\/vc_column_text][\/vc_column][\/vc_row][vc_row][vc_column][vc_column_text]<\/p>\n<h2><span style=\"color: #ff0000;\"><strong>Regala rosas y\/o puntos de libro<\/strong><\/span><\/h2>\n<p>[\/vc_column_text][vc_column_text]<strong>Regala<\/strong> a tus clientes, proveedores o trabajadores y trabajadoras <strong>una rosa. Recibir\u00e1s de regalo,<\/strong> por cada rosa comprada, <strong>un punto de libro<\/strong> \u00fanico dise\u00f1ado a partir de los dibujos creados por ni\u00f1os de la Fundaci\u00f3 Comtal.<\/p>\n<p><span style=\"color: #ff0000;\">\u00a1Elige el punto de libro que m\u00e1s te guste!<\/span><br \/>\n<strong>Podemos personalizar el reverso del punto de libro y a\u00f1adir el logotipo<\/strong> de la empresa, la escuela o la organizaci\u00f3n <strong>con una frase personalizada.<\/strong><\/p>\n<p>Este a\u00f1o, como novedad, adem\u00e1s de las rosas naturales, <strong>ofrecemos, hasta agotar existencias, rosas de tela reciclada y sostenible<\/strong>, hechas a mano por las participantes del grupo de costura y arte del espacio comunitario Benet Corner. \u00a1Podr\u00e1s elegir entre rosas de tela roja o rosas multicolor![\/vc_column_text][vc_single_image image=\u00bb28758&#8243; img_size=\u00bbfull\u00bb alignment=\u00bbcenter\u00bb][\/vc_column][\/vc_row][vc_row][vc_column][vc_column_text]<\/p>\n<h2><span style=\"color: #ff0000;\"><strong>Regala una felicitaci\u00f3n de Sant Jordi<\/strong><\/span><\/h2>\n<p>Regala a tus clientes, proveedores o trabajadores y trabajadoras una animaci\u00f3n digital para felicitar la Diada de Sant Jordi y env\u00edala por correo electr\u00f3nico, WhatsApp o redes sociales. P\u00eddenos la felicitaci\u00f3n digital y te la enviaremos.<\/p>\n<p>Podemos personalizarla con una frase y a\u00f1adir el logotipo de la empresa, la escuela o la organizaci\u00f3n.[\/vc_column_text][\/vc_column][\/vc_row][vc_row][vc_column width=\u00bb1\/2&#8243;][vc_column_text css=\u00bb.vc_custom_1705590115791{margin-top: 10% !important;}\u00bb]<\/p>\n<h3><strong><span style=\"color: #ff0000;\">Los ni\u00f1os\/as y j\u00f3venes de la Fundaci\u00f3n ser\u00e1n los protagonistas de la felicitaci\u00f3n digital de Sant Jordi.<\/span><\/strong><\/h3>\n<p>[\/vc_column_text][\/vc_column][vc_column width=\u00bb1\/2&#8243;][vc_single_image image=\u00bb25715&#8243; img_size=\u00bbmedium\u00bb][\/vc_column][\/vc_row][vc_row][vc_column][vc_column_text]<\/p>\n<h2 data-ccp-props=\"{&quot;335551550&quot;:1,&quot;335551620&quot;:1,&quot;335559683&quot;:0,&quot;335559685&quot;:0,&quot;335559731&quot;:0,&quot;335559737&quot;:0,&quot;335562764&quot;:2,&quot;335562765&quot;:1,&quot;335562766&quot;:4,&quot;335562767&quot;:10,&quot;335562768&quot;:4,&quot;335562769&quot;:0}\"><strong><span style=\"color: #ff0000;\">Aportaciones<\/span><\/strong><\/h2>\n<p data-ccp-props=\"{&quot;335551550&quot;:1,&quot;335551620&quot;:1,&quot;335559683&quot;:0,&quot;335559685&quot;:0,&quot;335559731&quot;:0,&quot;335559737&quot;:0,&quot;335562764&quot;:2,&quot;335562765&quot;:1,&quot;335562766&quot;:4,&quot;335562767&quot;:10,&quot;335562768&quot;:4,&quot;335562769&quot;:0}\"><b><span data-scheme-color=\"@CC0000,,\" data-usefontface=\"true\" data-contrast=\"none\">Rosa natural con bolsa biodegradable + punto de libro personalizado:<\/span><\/b>\u200b<\/p>\n<ul>\n<li data-ccp-props=\"{&quot;335551550&quot;:1,&quot;335551620&quot;:1,&quot;335559683&quot;:0,&quot;335559685&quot;:0,&quot;335559731&quot;:0,&quot;335559737&quot;:0,&quot;335562764&quot;:2,&quot;335562765&quot;:1,&quot;335562766&quot;:4,&quot;335562767&quot;:10,&quot;335562768&quot;:4,&quot;335562769&quot;:0}\"><span data-scheme-color=\"@404040,,\" data-usefontface=\"true\" data-contrast=\"none\">Entre 1 i 100: 4,90\u20ac per unitat.<\/span>\u200b<\/li>\n<li data-ccp-props=\"{&quot;335551550&quot;:1,&quot;335551620&quot;:1,&quot;335559683&quot;:0,&quot;335559685&quot;:0,&quot;335559731&quot;:0,&quot;335559737&quot;:0,&quot;335562764&quot;:2,&quot;335562765&quot;:1,&quot;335562766&quot;:4,&quot;335562767&quot;:10,&quot;335562768&quot;:4,&quot;335562769&quot;:0}\"><span data-scheme-color=\"@404040,,\" data-usefontface=\"true\" data-contrast=\"none\">Entre 101 i 200: 4,60\u20ac per unitat.<\/span><\/li>\n<li data-ccp-props=\"{&quot;335551550&quot;:1,&quot;335551620&quot;:1,&quot;335559683&quot;:0,&quot;335559685&quot;:0,&quot;335559731&quot;:0,&quot;335559737&quot;:0,&quot;335562764&quot;:2,&quot;335562765&quot;:1,&quot;335562766&quot;:4,&quot;335562767&quot;:10,&quot;335562768&quot;:4,&quot;335562769&quot;:0}\">Entre 201 i 300: 4,20\u20ac per unitat.<\/li>\n<li data-ccp-props=\"{&quot;335551550&quot;:1,&quot;335551620&quot;:1,&quot;335559683&quot;:0,&quot;335559685&quot;:0,&quot;335559731&quot;:0,&quot;335559737&quot;:0,&quot;335562764&quot;:2,&quot;335562765&quot;:1,&quot;335562766&quot;:4,&quot;335562767&quot;:10,&quot;335562768&quot;:4,&quot;335562769&quot;:0}\">Entre 301 400: 4,00\u20ac per unitat.<\/li>\n<li data-ccp-props=\"{&quot;335551550&quot;:1,&quot;335551620&quot;:1,&quot;335559683&quot;:0,&quot;335559685&quot;:0,&quot;335559731&quot;:0,&quot;335559737&quot;:0,&quot;335562764&quot;:2,&quot;335562765&quot;:1,&quot;335562766&quot;:4,&quot;335562767&quot;:10,&quot;335562768&quot;:4,&quot;335562769&quot;:0}\"><span data-scheme-color=\"@404040,,\" data-usefontface=\"true\" data-contrast=\"none\">+ de 400 roses: 3&#8217;50\u20ac per unitat. <\/span><\/li>\n<\/ul>\n<p data-ccp-props=\"{&quot;335551550&quot;:1,&quot;335551620&quot;:1,&quot;335559683&quot;:0,&quot;335559685&quot;:0,&quot;335559731&quot;:0,&quot;335559737&quot;:0,&quot;335562764&quot;:2,&quot;335562765&quot;:1,&quot;335562766&quot;:4,&quot;335562767&quot;:10,&quot;335562768&quot;:4,&quot;335562769&quot;:0}\"><b><span data-scheme-color=\"@CC0000,,\" data-usefontface=\"true\" data-contrast=\"none\">Rosa de tela\u00a0 + punto de libro personalizado:<\/span><\/b>\u200b<\/p>\n<ul>\n<li><span data-scheme-color=\"@404040,,\" data-usefontface=\"true\" data-contrast=\"none\">6,80\u20ac per unitat.<\/span><\/li>\n<\/ul>\n<p>\u200b<b><span data-scheme-color=\"@CC0000,,\" data-usefontface=\"true\" data-contrast=\"none\">Solo punto de libro personalizado<\/span><\/b><b><span data-scheme-color=\"@CC0000,,\" data-usefontface=\"true\" data-contrast=\"none\">: <\/span><\/b><span data-scheme-color=\"@404040,,\" data-usefontface=\"true\" data-contrast=\"none\">1,90\u20ac por unidad.<\/span><\/p>\n<p>\u200b<b><span data-scheme-color=\"@CC0000,,\" data-usefontface=\"true\" data-contrast=\"none\">Animaci\u00f3n digital: <\/span><\/b>donaci\u00f3n a <span data-scheme-color=\"@444444,,\" data-usefontface=\"false\" data-contrast=\"none\">partir de 200\u20ac (<\/span><span data-scheme-color=\"@444444,,\" data-usefontface=\"false\" data-contrast=\"none\">podemos<\/span><span data-scheme-color=\"@444444,,\" data-usefontface=\"false\" data-contrast=\"none\">\u00a0<\/span><span data-scheme-color=\"@444444,,\" data-usefontface=\"false\" data-contrast=\"none\">personalizar<\/span><span data-scheme-color=\"@444444,,\" data-usefontface=\"false\" data-contrast=\"none\">\u00a0la\u00a0<\/span><span data-scheme-color=\"@444444,,\" data-usefontface=\"false\" data-contrast=\"none\">felicitaci\u00f3n<\/span><span data-scheme-color=\"@444444,,\" data-usefontface=\"false\" data-contrast=\"none\">).<\/span><\/p>\n<p>&#8212;&#8212;&#8212;&#8212;&#8212;&#8212;&#8212;&#8212;&#8212;&#8212;&#8212;&#8212;&#8212;&#8212;&#8212;&#8212;&#8212;&#8212;&#8212;&#8212;&#8212;&#8212;&#8212;&#8212;&#8212;&#8212;<\/p>\n<h3 data-ccp-props=\"{&quot;335551550&quot;:1,&quot;335551620&quot;:1,&quot;335559683&quot;:0,&quot;335559685&quot;:0,&quot;335559731&quot;:0,&quot;335559737&quot;:0,&quot;335562764&quot;:2,&quot;335562765&quot;:1,&quot;335562766&quot;:4,&quot;335562767&quot;:10,&quot;335562768&quot;:4,&quot;335562769&quot;:0}\"><strong><span style=\"color: #ff0000;\">* Pedidos bajo factura, precios sin IVA<\/span><\/strong><\/h3>\n<h3 style=\"text-align: left;\"><strong><span style=\"color: #ff0000;\"><span style=\"color: #000000;\">Data l\u00edmit per fer la comanda: 1 d&#8217;abril.<\/span><\/span><\/strong><\/h3>\n<p>&#8212;&#8212;&#8212;&#8212;&#8212;&#8212;&#8212;&#8212;&#8212;&#8212;&#8212;&#8212;&#8212;&#8212;&#8212;&#8212;&#8212;&#8212;&#8212;&#8212;&#8212;&#8212;&#8212;&#8212;&#8212;&#8212;-[\/vc_column_text][\/vc_column][\/vc_row][vc_row][vc_column][vc_column_text]<\/p>\n<h2><span style=\"color: #ff0000;\"><b>Nuestro impacto<\/b><\/span><\/h2>\n<p data-start=\"19\" data-end=\"56\">Con los fondos recaudados podremos:<\/p>\n<ul data-start=\"58\" data-end=\"372\" data-is-last-node=\"\" data-is-only-node=\"\">\n<li data-start=\"58\" data-end=\"139\">\n<p data-start=\"60\" data-end=\"139\">Realizar planes educativos individualizados de acompa\u00f1amiento a la formaci\u00f3n.<\/p>\n<\/li>\n<li data-start=\"140\" data-end=\"273\">\n<p data-start=\"142\" data-end=\"273\">Contribuir a reducir la brecha digital ofreciendo asesoramiento, cursos y talleres a ni\u00f1os, ni\u00f1as y j\u00f3venes a lo largo del curso.<\/p>\n<\/li>\n<li data-start=\"274\" data-end=\"372\" data-is-last-node=\"\">\n<p data-start=\"276\" data-end=\"372\" data-is-last-node=\"\">Otorgar becas de estudio y transporte para hacer posible la formaci\u00f3n de ni\u00f1os, ni\u00f1as y j\u00f3venes.<\/p>\n<\/li>\n<\/ul>\n<p>[\/vc_column_text][vc_column_text]<span style=\"color: #ff0000;\"><strong>Nuestros colaboradores:<\/strong><\/span>[\/vc_column_text][vc_single_image image=\u00bb28777&#8243; img_size=\u00bbfull\u00bb][vc_column_text]<\/p>\n<h3 data-start=\"0\" data-end=\"27\"><span style=\"color: #ff0000;\"><strong>La solidaridad te beneficia<\/strong><\/span><\/h3>\n<p data-start=\"29\" data-end=\"83\"><strong>Colaborando con la Fundaci\u00f3n Comtal, tu empresa puede:<\/strong><\/p>\n<ul data-start=\"85\" data-end=\"909\" data-is-last-node=\"\">\n<li data-start=\"85\" data-end=\"169\">Visitar la Fundaci\u00f3n para conocer nuestros proyectos y las personas que atendemos.<\/li>\n<li data-start=\"170\" data-end=\"310\">Realizar teambulding: disfruta de talleres vivenciales en el jard\u00edn comunitario Benet Corner, en GarageLab y\/o en la cocina de la escuela.<\/li>\n<li data-start=\"311\" data-end=\"359\">Recibir charlas y talleres de sensibilizaci\u00f3n.<\/li>\n<li data-start=\"494\" data-end=\"605\">Difusi\u00f3n y visibilidad de la colaboraci\u00f3n en medios de comunicaci\u00f3n y en los canales propios de la Fundaci\u00f3n.<\/li>\n<li data-start=\"606\" data-end=\"691\">Compartir jornadas de voluntariado en la Fundaci\u00f3n con los empleados de la empresa.<\/li>\n<li data-start=\"692\" data-end=\"745\">Posicionar la empresa como agente de cambio social.<\/li>\n<li data-start=\"746\" data-end=\"793\">Potenciar los valores sociales de la empresa.<\/li>\n<li data-start=\"794\" data-end=\"909\" data-is-last-node=\"\">Mejorar la imagen de marca y la reputaci\u00f3n, al mismo tiempo que contribuyes a generar un impacto social positivo.<\/li>\n<\/ul>\n<p>[\/vc_column_text][vc_column_text]<\/p>\n<h2><span style=\"color: #ff0000;\"><strong>\u00bfQuieres hacer el pedido?\u00a0<\/strong><\/span><\/h2>\n<p><strong>Cont\u00e1ctanos para m\u00e1s informaci\u00f3n:<\/strong><\/p>\n<ul>\n<li>Carlos Cebrian, fundraising@comtal.org.<\/li>\n<li>Maria Jos\u00e9 Rubio, comunicacio@comtal.org.<\/li>\n<li>Tel. 932954636 \u2013 609734340\/680269255<\/li>\n<\/ul>\n<p>[\/vc_column_text][\/vc_column][\/vc_row]<\/p>\n","protected":false},"excerpt":{"rendered":"<p>[vc_row][vc_column][vc_single_image image=\u00bb28753&#8243; img_size=\u00bbfull\u00bb][vc_column_text] Por Sant Jordi, una rosa es una oportunidad Un a\u00f1o m\u00e1s, lanzamos la campa\u00f1a de Sant Jordi #UnaRosaUnaOportunidad para conseguir que todo ni\u00f1o\/a y joven tenga la [&hellip;]<\/p>\n","protected":false},"author":2,"featured_media":0,"parent":0,"menu_order":0,"comment_status":"closed","ping_status":"closed","template":"page-fullwidth.php","meta":{"footnotes":""},"class_list":["post-25468","page","type-page","status-publish","hentry"],"_links":{"self":[{"href":"https:\/\/comtal.org\/es\/wp-json\/wp\/v2\/pages\/25468","targetHints":{"allow":["GET"]}}],"collection":[{"href":"https:\/\/comtal.org\/es\/wp-json\/wp\/v2\/pages"}],"about":[{"href":"https:\/\/comtal.org\/es\/wp-json\/wp\/v2\/types\/page"}],"author":[{"embeddable":true,"href":"https:\/\/comtal.org\/es\/wp-json\/wp\/v2\/users\/2"}],"replies":[{"embeddable":true,"href":"https:\/\/comtal.org\/es\/wp-json\/wp\/v2\/comments?post=25468"}],"version-history":[{"count":65,"href":"https:\/\/comtal.org\/es\/wp-json\/wp\/v2\/pages\/25468\/revisions"}],"predecessor-version":[{"id":28784,"href":"https:\/\/comtal.org\/es\/wp-json\/wp\/v2\/pages\/25468\/revisions\/28784"}],"wp:attachment":[{"href":"https:\/\/comtal.org\/es\/wp-json\/wp\/v2\/media?parent=25468"}],"curies":[{"name":"wp","href":"https:\/\/api.w.org\/{rel}","templated":true}]}}